{"version":"1.0","provider_name":"Uniunea Sarbilor din Romania","provider_url":"https:\/\/savezsrba.ro\/ro","title":"P\u0103l\u0103ria B\u0103n\u0103\u021ban\u0103 - Edi\u021bia a 8-a - Uniunea Sarbilor din Romania","type":"rich","width":600,"height":338,"html":"<blockquote class=\"wp-embedded-content\" data-secret=\"CLxCkLPYTR\"><a href=\"https:\/\/savezsrba.ro\/ro\/palaria-banatana-editia-a-8-a\/\">P\u0103l\u0103ria B\u0103n\u0103\u021ban\u0103 &#8211; Edi\u021bia a 8-a<\/a><\/blockquote><iframe sandbox=\"allow-scripts\" security=\"restricted\" src=\"https:\/\/savezsrba.ro\/ro\/palaria-banatana-editia-a-8-a\/embed\/#?secret=CLxCkLPYTR\" width=\"600\" height=\"338\" title=\"&#8222;P\u0103l\u0103ria B\u0103n\u0103\u021ban\u0103 &#8211; Edi\u021bia a 8-a&#8221; &#8211; Uniunea Sarbilor din Romania\" data-secret=\"CLxCkLPYTR\" frameborder=\"0\" marginwidth=\"0\" marginheight=\"0\" scrolling=\"no\" class=\"wp-embedded-content\"><\/iframe><script type=\"text\/javascript\">\n\/* <![CDATA[ *\/\n\/*! This file is auto-generated *\/\n!function(d,l){\"use strict\";l.querySelector&&d.addEventListener&&\"undefined\"!=typeof URL&&(d.wp=d.wp||{},d.wp.receiveEmbedMessage||(d.wp.receiveEmbedMessage=function(e){var t=e.data;if((t||t.secret||t.message||t.value)&&!\/[^a-zA-Z0-9]\/.test(t.secret)){for(var s,r,n,a=l.querySelectorAll('iframe[data-secret=\"'+t.secret+'\"]'),o=l.querySelectorAll('blockquote[data-secret=\"'+t.secret+'\"]'),c=new RegExp(\"^https?:$\",\"i\"),i=0;i<o.length;i++)o[i].style.display=\"none\";for(i=0;i<a.length;i++)s=a[i],e.source===s.contentWindow&&(s.removeAttribute(\"style\"),\"height\"===t.message?(1e3<(r=parseInt(t.value,10))?r=1e3:~~r<200&&(r=200),s.height=r):\"link\"===t.message&&(r=new URL(s.getAttribute(\"src\")),n=new URL(t.value),c.test(n.protocol))&&n.host===r.host&&l.activeElement===s&&(d.top.location.href=t.value))}},d.addEventListener(\"message\",d.wp.receiveEmbedMessage,!1),l.addEventListener(\"DOMContentLoaded\",function(){for(var e,t,s=l.querySelectorAll(\"iframe.wp-embedded-content\"),r=0;r<s.length;r++)(t=(e=s[r]).getAttribute(\"data-secret\"))||(t=Math.random().toString(36).substring(2,12),e.src+=\"#?secret=\"+t,e.setAttribute(\"data-secret\",t)),e.contentWindow.postMessage({message:\"ready\",secret:t},\"*\")},!1)))}(window,document);\n\/* ]]> *\/\n<\/script>\n","thumbnail_url":"https:\/\/savezsrba.ro\/ro\/wp-content\/uploads\/sites\/2\/2021\/04\/LaloskiSesir8.jpg","thumbnail_width":1448,"thumbnail_height":2048,"description":"A OPTA EDI\u021aIE A \u201dP\u0102L\u0102RIEI B\u0102N\u0102\u021aENE\u201d \u00a0A opta edi\u021bie a festivalului de satir\u0103 \u0219i umor \u201dP\u0103l\u0103ria b\u0103n\u0103\u021ban\u0103\u201d se va \u021bine \u00een acest an \u00een edi\u021bie online, mar\u021bi, 27 aprilie, cu \u00eencepere la ora 18.00. Vor participa afori\u0219ti din Rom\u00e2nia, Serbia, Muntenegru, Croa\u021bia, Bosnia \u0219i Macedonia. Tema propus\u0103 e, evident, via\u021ba \u0219i activitatea oamenilor \u00een perioada [&hellip;]"}